{"id":2971870,"date":"2026-02-05T10:34:45","date_gmt":"2026-02-05T10:34:45","guid":{"rendered":"https:\/\/www.swedtrain.org\/?post_type=event&#038;p=2971870"},"modified":"2026-04-24T10:23:08","modified_gmt":"2026-04-24T10:23:08","slug":"branschtaget-till-innotrans","status":"publish","type":"event","link":"https:\/\/www.swedtrain.org\/en\/kalender\/branschtaget-till-innotrans\/","title":{"rendered":"Branscht\u00e5get till InnoTrans"},"content":{"rendered":"<p>Swedtrain arrangerar tillsammans med Sn\u00e4llt\u00e5get \u00e5terigen ett gemensamt branscht\u00e5g till InnoTrans i Berlin 2026 \u2013 v\u00e4rldens st\u00f6rsta m\u00e4ssa f\u00f6r transportteknik.<\/p>\n\n\n\n<p>T\u00e5gresan har blivit en sj\u00e4lvklar start p\u00e5 m\u00e4ssan och en uppskattad m\u00f6tesplats f\u00f6r samtal, id\u00e9utbyte och n\u00e4tverkande med nya kontakter redan p\u00e5 v\u00e4gen s\u00f6derut. H\u00e4r samlas \u00e4ven j\u00e4rnv\u00e4gsbranschen f\u00f6r att resa h\u00e5llbart och knyta relationer inf\u00f6r intensiva m\u00e4ssdagar.<\/p>\n\n\n\n<h2 class=\"wp-block-heading\">Tidtabell<\/h2>\n\n\n\n<p>Branscht\u00e5get avg\u00e5r m\u00e5ndag den 21 september fr\u00e5n Stockholm kl. 16:25, med ankomst till Berlin kl. 08:35 dagen d\u00e4rp\u00e5. En mer specifik tidtabell f\u00f6r t\u00e5gresan till Berlin, samt de avg\u00e5ngar som erbjuds f\u00f6r returresan tillbaka till Stockholm ser du nedan:<\/p>\n\n\n\n<details class=\"wp-block-details is-layout-flow wp-block-details-is-layout-flow\"><summary><strong>Stockholm\u2013Malm\u00f6\u2013Hamburg\u2013Berlin<\/strong><\/summary>\n<figure class=\"wp-block-table is-style-stripes\"><table class=\"has-fixed-layout\"><tbody><tr><td>Stockholm C<\/td><td>16:25<\/td><\/tr><tr><td>S\u00f6dert\u00e4lje Syd<\/td><td>16:45<\/td><\/tr><tr><td>Norrk\u00f6ping C<\/td><td>17:53<\/td><\/tr><tr><td>Link\u00f6ping C<\/td><td>18:20<\/td><\/tr><tr><td>N\u00e4ssj\u00f6 C<\/td><td>19:15<\/td><\/tr><tr><td>Alvesta<\/td><td>19:55<\/td><\/tr><tr><td>H\u00e4ssleholm C<\/td><td>20:40<\/td><\/tr><tr><td>Esl\u00f6v<\/td><td>21:03<\/td><\/tr><tr><td>Lund C<\/td><td>21:15<\/td><\/tr><tr><td>Malm\u00f6 C<\/td><td>21:55<\/td><\/tr><tr><td>K\u00f8benhavn Syd<\/td><td>22:32<\/td><\/tr><tr><td>Berlin\u2013Spandau<\/td><td>08:35<\/td><\/tr><\/tbody><\/table><\/figure>\n<\/details>\n\n\n\n<details class=\"wp-block-details is-layout-flow wp-block-details-is-layout-flow\"><summary><strong>Berlin\u2013Hamburg\u2013Malm\u00f6\u2013Stockholm<\/strong> (avg\u00e5r m\u00e5ndag \u2013 fredag och s\u00f6ndag)<\/summary>\n<figure class=\"wp-block-table is-style-stripes\"><table class=\"has-fixed-layout\"><tbody><tr><td>Berlin Hbf<\/td><td>20:53<\/td><\/tr><tr><td>Hamburg Hbf<\/td><td>23:59<\/td><\/tr><tr><td>K\u00f8benhavn Syd<\/td><td>06:03<\/td><\/tr><tr><td>Malm\u00f6 C<\/td><td>06:30<\/td><\/tr><tr><td>Lund C<\/td><td>08:28<\/td><\/tr><tr><td>Esl\u00f6v<\/td><td>08:41<\/td><\/tr><tr><td>H\u00e4ssleholm C<\/td><td>09:05<\/td><\/tr><tr><td>Alvesta<\/td><td>09:45<\/td><\/tr><tr><td>N\u00e4ssj\u00f6 C<\/td><td>10:25<\/td><\/tr><tr><td>Link\u00f6ping C<\/td><td>11:21<\/td><\/tr><tr><td>Norrk\u00f6ping C<\/td><td>11:48<\/td><\/tr><tr><td>S\u00f6dert\u00e4lje Syd<\/td><td>12:56<\/td><\/tr><tr><td>Stockholm C<\/td><td>13:17<\/td><\/tr><\/tbody><\/table><\/figure>\n<\/details>\n\n\n\n<div style=\"height:20px\" aria-hidden=\"true\" class=\"wp-block-spacer\"><\/div>\n\n\n\n<h2 class=\"wp-block-heading\">Bokning<\/h2>\n\n\n\n<p><strong>Mellan den 27 april till 10 maj \u00f6ppnar bokningen f\u00f6r Swedtrains medlemsf\u00f6retag (mer information mejlas till medlemsf\u00f6retagen). From den 11 maj sl\u00e4pps biljetterna till hela branschen, och efter den 30 juni sl\u00e4pper Sn\u00e4llt\u00e5get eventuella restbiljetter till allm\u00e4nheten.<\/strong><\/p>\n\n\n\n<h2 class=\"wp-block-heading\">Missa inte branschminglet<\/h2>\n\n\n\n<p>Uppt\u00e4ck \u00e4ven v\u00e5rt branschmingel i Berlin \u2013 en uppskattad m\u00f6tesplats f\u00f6r medlemsf\u00f6retag och samarbetspartner p\u00e5 plats under m\u00e4ssveckan. L\u00e4r mer h\u00e4r: <a href=\"https:\/\/www.swedtrain.org\/en\/kalender\/branschmingel-i-berlin-innotrans\/\">https:\/\/www.swedtrain.org\/kalender\/branschmingel-i-berlin-innotrans\/<\/a><\/p>\n\n\n\n<p>Vi ser fram emot \u00e4nnu ett par roliga och l\u00e4rorik dagar p\u00e5 InnoTrans \u2013 och hoppas att m\u00e5nga av er vill f\u00f6lja med p\u00e5 denna unika upplevelse!<\/p>","protected":false},"featured_media":0,"template":"","meta":{"footnotes":""},"class_list":["post-2971870","event","type-event","status-publish","hentry"],"acf":[],"_links":{"self":[{"href":"https:\/\/www.swedtrain.org\/en\/wp-json\/wp\/v2\/event\/2971870","targetHints":{"allow":["GET"]}}],"collection":[{"href":"https:\/\/www.swedtrain.org\/en\/wp-json\/wp\/v2\/event"}],"about":[{"href":"https:\/\/www.swedtrain.org\/en\/wp-json\/wp\/v2\/types\/event"}],"version-history":[{"count":12,"href":"https:\/\/www.swedtrain.org\/en\/wp-json\/wp\/v2\/event\/2971870\/revisions"}],"predecessor-version":[{"id":2972146,"href":"https:\/\/www.swedtrain.org\/en\/wp-json\/wp\/v2\/event\/2971870\/revisions\/2972146"}],"wp:attachment":[{"href":"https:\/\/www.swedtrain.org\/en\/wp-json\/wp\/v2\/media?parent=2971870"}],"curies":[{"name":"wp","href":"https:\/\/api.w.org\/{rel}","templated":true}]}}